{"id":16,"date":"2016-07-27T13:04:13","date_gmt":"2016-07-27T11:04:13","guid":{"rendered":"https:\/\/www.region-peiner-land.de\/?page_id=16"},"modified":"2025-06-04T10:44:46","modified_gmt":"2025-06-04T08:44:46","slug":"material","status":"publish","type":"page","link":"https:\/\/www.region-peiner-land.de\/index.php\/material\/","title":{"rendered":"Material"},"content":{"rendered":"<section class=\"wpb-content-wrapper\"><p>[vc_row full_width=&#8221;stretch_row_content_no_spaces&#8221;][vc_column][vc_column_text]<div id=\"metaslider-id-278\" style=\"width: 100%;\" class=\"ml-slider-3-108-0 metaslider metaslider-flex metaslider-278 ml-slider ms-theme-default nav-hidden\" role=\"region\" aria-label=\"Material\" data-height=\"400\" data-width=\"2200\">\n    <div id=\"metaslider_container_278\">\n        <div id=\"metaslider_278\">\n            <ul class='slides'>\n                <li style=\"display: block; width: 100%;\" class=\"slide-1998 ms-image \" aria-roledescription=\"slide\" data-date=\"2018-02-28 13:13:10\" data-filename=\"KoRiS_IMG_0299.jpg\" data-slide-type=\"image\"><img loading=\"lazy\" decoding=\"async\" src=\"https:\/\/www.region-peiner-land.de\/wp-content\/uploads\/KoRiS_IMG_0299.jpg\" height=\"400\" width=\"2200\" alt=\"\" class=\"slider-278 slide-1998 msDefaultImage\" \/><\/li>\n            <\/ul>\n        <\/div>\n        \n    <\/div>\n<\/div>[\/vc_column_text][\/vc_column][\/vc_row][vc_row][vc_column width=&#8221;1\/4&#8243;][vc_column_text]<\/p>\n<div class=\"content-out\">\n<div class=\"content-list active-menu-left\"><a style=\"text-decoration: none;\" href=\"\/index.php\/material\/\">Material<\/a><\/div>\n<\/div>\n<p>[\/vc_column_text][\/vc_column][vc_column width=&#8221;3\/4&#8243;][vc_raw_js]JTNDZGl2JTIwY2xhc3MlM0QlMjJjb250YWN0LWhlYWRlci1pbmxpbmUtYXJvdW5kJTIyJTNFJTBBJTNDZGl2JTIwY2xhc3MlM0QlMjJjb250YWN0LWhlYWRlci1pbmxpbmUtNSUyMiUzRSUzQ2ElMjBocmVmJTNEJTIyamF2YXNjcmlwdCUzQXdpbmRvdy5wcmludCUyOCUyOSUyMiUzRSUzQ2ltZyUyMHNyYyUzRCUyMmh0dHBzJTNBJTJGJTJGcmVnaW9uLXBlaW5lci1sYW5kLmRlJTJGd3AtY29udGVudCUyRnVwbG9hZHMlMkZwcmludC1idXR0b24tYmx1ZS1lMTUxOTgyMTA3MDg5MS5wbmclMjIlMjBhbHQlM0QlMjJTZWl0ZSUyMGRydWNrZW4lMjIlMjBpZCUzRCUyMnByaW50LWJ1dHRvbiUyMiUyMCUyRiUzRSUzQyUyRmElM0UlM0MlMkZkaXYlM0UlMEElM0MlMkZkaXYlM0U=[\/vc_raw_js][vc_column_text]<\/p>\n<h1>Material<\/h1>\n<p>Hier finden Sie die wichtigsten Links und Dateien zum Download: Neben Daten zur LEADER Projektf\u00f6rderung im Peiner Land und den Infobriefen sowie Protokollen der LAG-Sitzungen und den Tagesordnung der n\u00e4chsten Sitzung (sofern vorhanden), finden Sie auch weiterf\u00fchrende Links zur verschiedenen Themen.[\/vc_column_text][vc_tta_accordion color=&#8221;orange&#8221; active_section=&#8221;&#8221; collapsible_all=&#8221;true&#8221;][vc_tta_section title=&#8221;Unterlagen f\u00fcr Projekttr\u00e4ger&#8221; tab_id=&#8221;1518698063886-7641474c-bc5b&#8221;][vc_column_text]<\/p>\n<ul>\n<li><strong><a href=\"https:\/\/www.region-peiner-land.de\/wp-content\/uploads\/Projektsteckbrief_Peiner-Land_241217_Vorlage.docx\">Projektsteckbrief als MS Word-Datei<\/a><\/strong> zum Ausf\u00fcllen (Stand: 17.12.2024).<br \/>\nHinweis: Es handelt sich um eine vorl\u00e4ufige Fassung, bitte pr\u00fcfen Sie vor Einreichung beim Regionalmanagement, ob Sie die aktuellste Fassung verwenden.<\/li>\n<li><strong><a href=\"https:\/\/www.region-peiner-land.de\/wp-content\/uploads\/REK-Peiner-Land_Abgabefassung_220429_Kap-6.4-6.5_web.pdf\" target=\"_blank\" rel=\"noopener\">REK-Auszug Kap. 6.4-6.5<\/a><\/strong> mit Zielen und Indikatoren (Stand 29.04.2022), relevant f\u00fcr den Projektsteckbrief<\/li>\n<li><strong><a href=\"https:\/\/www.region-peiner-land.de\/wp-content\/uploads\/REK-Peiner-Land_Abgabefassung_220429_Kap-10-11_web.pdf\" target=\"_blank\" rel=\"noopener\">REK-Auszug Kap. 10-11<\/a><\/strong> mit F\u00f6rderbedingungen und Projektauswahlkriterien (Stand 29.04.2022), relevant f\u00fcr den Projektsteckbrief<\/li>\n<li><strong>Antragsformular f\u00fcr LEADER-Projekte und LEADER-Richtlinie<\/strong><br \/>\nHinweis: Das <strong>Formular<\/strong> wird erst nach Beschluss eines Projekts durch die LAG ben\u00f6tigt. Es ist aber ratsam, sich bereits im Vorfeld mit dem Formular auseinander zu setzen, um Fragen fr\u00fchzeitig kl\u00e4ren zu k\u00f6nnen. Die <strong>Richtlinie<\/strong> enth\u00e4lt u.a. gewisse Einschr\u00e4nkungen der F\u00f6rderm\u00f6glichkeiten. Stets die aktuellen Versionen finden Sie auf dieser Seite des Nieders\u00e4chsischen Ministeriums f\u00fcr Ern\u00e4hrung, Landwirtschaft und Verbraucherschutz (ML) unter &#8220;LEADER Informationen zur Antragstellung&#8221;: <a href=\"https:\/\/klara.niedersachsen.de\/startseite\/forderangebot_klara\/leader\/\" target=\"_blank\" rel=\"noopener\">https:\/\/klara.niedersachsen.de\/startseite\/forderangebot_klara\/leader\/<\/a><\/li>\n<\/ul>\n<p>[\/vc_column_text][\/vc_tta_section][vc_tta_section title=&#8221;Infobriefe und Faltblatt&#8221; tab_id=&#8221;1518698063935-88ae90d6-5807&#8243;][vc_column_text]Bisher ver\u00f6ffentlichte Info-Briefe<\/p>\n<ul>\n<li><a href=\"https:\/\/www.region-peiner-land.de\/wp-content\/uploads\/Infobrief_2_LEADER-Peiner-Land_v2.pdf\">Info-Brief Nr. 2 September 2018<\/a><\/li>\n<li><a href=\"https:\/\/www.region-peiner-land.de\/wp-content\/uploads\/Infobrief_1_LEADER-Peiner-Land_v1.pdf\">Info-Brief Nr. 1 August 2018<\/a><\/li>\n<\/ul>\n<p>&nbsp;<\/p>\n<ul>\n<li><a href=\"https:\/\/www.region-peiner-land.de\/wp-content\/uploads\/Faltblatt_LEADER-Peiner-Land_2018_kompr.pdf\" target=\"_blank\" rel=\"noopener\">Faltblatt LEADER Peiner Land<\/a><\/li>\n<\/ul>\n<p>[\/vc_column_text][\/vc_tta_section][vc_tta_section title=&#8221;Protokolle&#8221; tab_id=&#8221;1518698120969-7251b206-1c38&#8243;][vc_column_text]Hier finden Sie alle Protokolle der \u00f6ffentlichen Sitzungen und Termine in der Region Peiner Land.<\/p>\n<ul>\n<li>24. LAG-Sitzung am 26.02.2025 bei der Gemeinde Wendeburg &#8211; <a href=\"https:\/\/www.region-peiner-land.de\/wp-content\/uploads\/LAG-24-250226_Protokoll.pdf\">Protokoll<\/a><\/li>\n<li>23. LAG-Sitzung mit der B\u00f6rderegion am 17.09.2024 m LEADER-Projekt \u201eErlebnisspeicher\u201c in Hofschwicheldt \u2013 <a href=\"https:\/\/www.region-peiner-land.de\/wp-content\/uploads\/LAG-23-240917_Protokoll.pdf\">Protokoll des formellen LAG-Teils<\/a><\/li>\n<li>22. LAG-Sitzung am 18.06.2024 bei der Gemeinde Ilsede \u2013 <a href=\"https:\/\/www.region-peiner-land.de\/wp-content\/uploads\/LAG-22-240618_Protokoll.pdf\">Protokoll<\/a><\/li>\n<li>21. LAG-Sitzung am 16.04.2024 bei der Gemeinde Wendeburg \u2013 <a href=\"https:\/\/www.region-peiner-land.de\/wp-content\/uploads\/LAG-21-240416_Protokoll.pdf\">Protokoll<\/a><\/li>\n<li>20. LAG-Sitzung am 22.11.2023 bei der Gemeinde Wendeburg \u2013 <a href=\"https:\/\/www.region-peiner-land.de\/wp-content\/uploads\/LAG-20-221123_Protokoll.pdf\">Protokoll<\/a><\/li>\n<li>19. LAG-Sitzung am 13.03.2023 bei der Stadt Peine \u2013 <a href=\"https:\/\/www.region-peiner-land.de\/wp-content\/uploads\/LAG-19-230313_Protokoll.pdf\">Protokoll<\/a><\/li>\n<li>3. LEADER-Konferenz am 15.12.2022 im Peiner Forum \u2013 <a href=\"https:\/\/www.region-peiner-land.de\/wp-content\/uploads\/LEADER-Konferenz-3_221215_Praesentation_Versand.pdf\">Pr\u00e4sentation<\/a><\/li>\n<li>18. LAG-Sitzung am 02.11.2022 bei der Stadt Peine \u2013 <a href=\"https:\/\/www.region-peiner-land.de\/wp-content\/uploads\/LAG-18-221102_Protokoll.pdf\">Protokoll<\/a><\/li>\n<li>17. LAG-Sitzung am 06.07.2022 via Zoom-Videokonferenz \u2013 <a href=\"https:\/\/www.region-peiner-land.de\/wp-content\/uploads\/LAG-17-220706_Protokoll.pdf\">Protokoll<\/a><\/li>\n<li>16. LAG-Sitzung mit Bilanzworkshop am 17.11.2021 via Zoom-Videokonferenz \u2013 <a href=\"https:\/\/www.region-peiner-land.de\/wp-content\/uploads\/LAG-16-211117_Protokoll_web.pdf\">Protokoll<\/a><\/li>\n<li>Umlaufbeschluss am 19.07.2021 zum Projekt \u201eNaturlehrpfad: Natur erleben in Vechelde\u201c \u2013 <a href=\"https:\/\/www.region-peiner-land.de\/wp-content\/uploads\/Ergebnis-Umlaufbeschluss-Naturlehrpfad_210817.pdf\">Ergebnis<\/a><\/li>\n<li>Umlaufbeschluss am 19.07.2021 zum Projekt \u201eBuntes Dorfleben und sportliche Vielfalt in der Mehrzweckhalle Handorf\u201c \u2013 <a href=\"https:\/\/www.region-peiner-land.de\/wp-content\/uploads\/Ergebnis-Umlaufbeschluss-Handorf_210817.pdf\">Ergebnis<\/a><\/li>\n<li>Umlaufbeschluss am 04.03.2021 zum Projekt \u201eWohnmobil-Standort Meierholz in Wendeburg\u201c \u2013 <a href=\"https:\/\/www.region-peiner-land.de\/wp-content\/uploads\/Ergebnis-Umlaufbeschluss-Wohnmobil-Standort-Meierholz_210312.pdf\">Ergebnis<\/a><\/li>\n<li>Umlaufbeschluss am 04.03.2021 zum Projekt \u201eSchutzma\u00dfnahmen gegen Starkregenereignisse an der Breiten Stra\u00dfe in Oedesse\u201c \u2013 <a href=\"https:\/\/www.region-peiner-land.de\/wp-content\/uploads\/Ergebnis-Umlaufbeschluss-Starkregenschutz-Breite-Strasse_210312.pdf\">Ergebnis<\/a><\/li>\n<li>Umlaufbeschluss am 04.03.2021 zum Projekt \u201eSchutzma\u00dfnahmen gegen Starkregenereignisse an der \u201a\u00d6lpumpe\u2018 in Oedesse\u201c \u2013 <a href=\"https:\/\/www.region-peiner-land.de\/wp-content\/uploads\/Ergebnis-Umlaufbeschluss-Starkregenschutz-Oelpumpe_210312.pdf\">Ergebnis<\/a><\/li>\n<li>Umlaufbeschluss am 26.05.2020 zum Projekt \u201eTerrassenneugestaltung der Gastronomie am Eixer See\u201c \u2013 <a href=\"https:\/\/www.region-peiner-land.de\/wp-content\/uploads\/Ergebnis-Umlaufbeschluss-Eixer-See_200618.pdf\">Ergebnis<\/a><\/li>\n<li>15. LAG-Sitzung am 04.03.2020 bei der Stadt Peine \u2013 <a href=\"https:\/\/www.region-peiner-land.de\/wp-content\/uploads\/LAG-15-200304_Protokoll.pdf\" target=\"_blank\" rel=\"noopener\">Protokoll<\/a><\/li>\n<li>14. LAG-Sitzung am 07.11.2019 im Gemeinschaftsraum Gro\u00df B\u00fclten \u2013 <a href=\"https:\/\/www.region-peiner-land.de\/wp-content\/uploads\/LAG-14-191107_Protokoll.pdf\" target=\"_blank\" rel=\"noopener\">Protokoll<\/a><\/li>\n<li>13. LAG-Sitzung am 26.06.2019 im Spritzenhius Lengede \u2013 <a href=\"https:\/\/www.region-peiner-land.de\/wp-content\/uploads\/LAG-13-190626_Protokoll.pdf\" target=\"_blank\" rel=\"noopener\">Protokoll<\/a><\/li>\n<li>12. LAG-Sitzung am 19.03.2019 beim Wasserverband Peine \u2013 <a href=\"https:\/\/www.region-peiner-land.de\/wp-content\/uploads\/LAG-12-190319_Protokoll.pdf\" target=\"_blank\" rel=\"noopener\">Protokoll<\/a><\/li>\n<li>11. LAG-Sitzung am 16.10.2018 in den Zeitr\u00e4umen Bodenstedt \u2013 <a href=\"https:\/\/www.region-peiner-land.de\/wp-content\/uploads\/LAG-11-181016_Protokoll_Entwurf.pdf\" target=\"_blank\" rel=\"noopener\">Protokoll<\/a><\/li>\n<li>10. LAG-Sitzung am 28.08.2018 bei der Stadt Peine \u2013 <a href=\"https:\/\/www.region-peiner-land.de\/wp-content\/uploads\/LAG-10-180828_Protokoll_Endfassung.pdf\" target=\"_blank\" rel=\"noopener\">Protokoll<\/a><\/li>\n<li>9. LAG-Sitzung am 10.04.2018 bei der Stadt Peine \u2013 <a href=\"https:\/\/www.region-peiner-land.de\/wp-content\/uploads\/LAG-09-180410_Protokoll_Endfassung.pdf\" target=\"_blank\" rel=\"noopener\">Protokoll<\/a><\/li>\n<li>8. LAG-Sitzung am 14.11.2017 bei der Gemeinde Ilsede \u2013 <a href=\"https:\/\/www.region-peiner-land.de\/wp-content\/uploads\/LAG-08-171114_Protokoll_Endfassung.pdf\" target=\"_blank\" rel=\"noopener\">Protokoll<\/a><\/li>\n<li>7. LAG-Sitzung am 22.08.2017 bei der Stadt Peine \u2013 <a href=\"https:\/\/www.region-peiner-land.de\/wp-content\/uploads\/LAG-07-170822_Protokoll_Endfassung.pdf\" target=\"_blank\" rel=\"noopener\">Protokoll<\/a><\/li>\n<li>6. LAG-Sitzung am 07.03.2017 beim Wasserverband Peine \u2013 <a href=\"https:\/\/www.region-peiner-land.de\/wp-content\/uploads\/LAG-05-161025_Protokoll_Endfassung.pdf\" target=\"_blank\" rel=\"noopener\">Protokoll<\/a><\/li>\n<li>5. LAG-Sitzung am 25.10.2016 in den Zeitr\u00e4umen Bodenstedt \u2013 <a href=\"https:\/\/www.region-peiner-land.de\/wp-content\/uploads\/LAG-05-161025_Protokoll_Endfassung.pdf\" target=\"_blank\" rel=\"noopener\">Protokoll<\/a><\/li>\n<li>4. LAG-Sitzung am 20.06.2016 bei der Stadt Peine \u2013 <a href=\"\/wp-content\/uploads\/LAG-04-160620_Protokoll_Endfassung.pdf\" target=\"_blank\" rel=\"noopener\">Protokoll<\/a><\/li>\n<li>3. LAG-Sitzung am 10.05.2016 bei der Stadt Peine \u2013 <a href=\"\/wp-content\/uploads\/LAG-03-160510_Protokoll_Endfassung.pdf\" target=\"_blank\" rel=\"noopener\">Protokoll<\/a><\/li>\n<li>2. LAG-Sitzung am 16.12.2015 bei der Stadt Peine \u2013 <a href=\"https:\/\/www.region-peiner-land.de\/wp-content\/uploads\/LAG-02-151216_Protokoll_Endfassung.pdf\" target=\"_blank\" rel=\"noopener\">Protokoll<\/a><\/li>\n<li>1. LAG-Sitzung am 01.09.2015 bei der Stadt Peine \u2013 <a href=\"https:\/\/www.region-peiner-land.de\/wp-content\/uploads\/LAG-01-150901_Protokoll_Endfassung.pdf\" target=\"_blank\" rel=\"noopener\">Protokoll<\/a><\/li>\n<\/ul>\n<p>[\/vc_column_text][\/vc_tta_section][\/vc_tta_accordion][vc_column_text]<\/p>\n<h2>Weiterf\u00fchrende Links<\/h2>\n<p>Fehlen Ihrer Meinung nach wichtige Informationen? Haben Sie Vorschl\u00e4ge, welches Infomaterial wir zus\u00e4tzlich noch bereitstellen sollten? Dann nehmen Sie bitte Kontakt zum <a href=\"https:\/\/www.region-peiner-land.de\/index.php\/regional-management\/\">Regionalmanagement<\/a>\u00a0auf.[\/vc_column_text][vc_tta_accordion color=&#8221;orange&#8221; active_section=&#8221;&#8221; collapsible_all=&#8221;true&#8221;][vc_tta_section title=&#8221;Kommunen&#8221; tab_id=&#8221;1519849936677-dc38b705-1e76&#8243;][vc_column_text]<a href=\"http:\/\/www.edemissen.de\/\" target=\"_blank\" rel=\"noopener\">Gemeinde Edemissen<\/a><br \/>\n<a href=\"http:\/\/www.gemeinde-ilsede.de\/\" target=\"_blank\" rel=\"noopener\">Gemeinde Ilsede<\/a><br \/>\n<a href=\"http:\/\/www.lengede.de\/\" target=\"_blank\" rel=\"noopener\">Gemeinde Lengede<\/a><br \/>\n<a href=\"http:\/\/www.peine.de\/\" target=\"_blank\" rel=\"noopener\">Gemeinde Peine<\/a><br \/>\n<a href=\"http:\/\/www.vechelde.de\/\" target=\"_blank\" rel=\"noopener\">Gemeinde Vechelde<\/a><br \/>\n<a href=\"http:\/\/www.wendeburg.de\/\" target=\"_blank\" rel=\"noopener\">Gemeinde Wendeburg<\/a>[\/vc_column_text][\/vc_tta_section][vc_tta_section title=&#8221;Gemeinde\u00fcbergreifend&#8221; tab_id=&#8221;1519849936836-a0df118a-53d5&#8243;][vc_column_text]<a href=\"http:\/\/www.landkreis-peine.de\/\" target=\"_blank\" rel=\"noopener\">Landkreis Peine<\/a><br \/>\n<a href=\"http:\/\/www.wito-gmbh.de\/\" target=\"_blank\" rel=\"noopener\">Wirtschafts- und Tourismusf\u00f6rdergesellschaft Landkreis Peine mbH (Wito)<\/a><br \/>\n<a href=\"http:\/\/www.tourismus-peine.de\/\" target=\"_blank\" rel=\"noopener\">Tourismusportal Peine<\/a>[\/vc_column_text][\/vc_tta_section][vc_tta_section title=&#8221;Regionalmanagement&#8221; tab_id=&#8221;1519849937000-fc0b7889-7832&#8243;][vc_column_text]<a href=\"http:\/\/www.koris-hannover.de\/\" target=\"_blank\" rel=\"noopener\">Kommunikative Stadt- und Regionalentwicklung (KoRiS)<\/a>[\/vc_column_text][\/vc_tta_section][vc_tta_section title=&#8221;Bewilligungsstellen&#8221; tab_id=&#8221;1519849937162-828ba381-8beb&#8221;][vc_column_text]<a href=\"http:\/\/www.arl-bs.niedersachsen.de\/\" target=\"_blank\" rel=\"noopener\">Amt f\u00fcr regionale Landesentwicklung Braunschweig (ArL)<\/a><br \/>\n<a href=\"http:\/\/www.ml.niedersachsen.de\/\" target=\"_blank\" rel=\"noopener\">Nieders\u00e4chsisches Ministerium f\u00fcr Ern\u00e4hrung, Landwirtschaft, Verbraucherschutz und Landesentwicklung (ML)<\/a><br \/>\n<a href=\"http:\/\/www.profil.niedersachsen.de\/\" target=\"_blank\" rel=\"noopener\">EU-F\u00f6rderung 2007-2013 beim ML\u00a0<\/a><br \/>\n<a href=\"http:\/\/www.bmu-klimaschutzinitiative.de\/\" target=\"_blank\" rel=\"noopener\">Klimaschutzinitiative des Bundes<\/a><br \/>\n<a href=\"http:\/\/www.nlwkn.niedersachsen.de\/\" target=\"_blank\" rel=\"noopener\">Nieders\u00e4chsischer Landesbetrieb f\u00fcr Wasserwirtschaft, K\u00fcsten- und Naturschutz (NLWKN)<\/a><br \/>\n<a href=\"http:\/\/www.lwk-niedersachsen.de\/\" target=\"_blank\" rel=\"noopener\">Landwirtschaftskammer Niedersachsen (LWK)<\/a>[\/vc_column_text][\/vc_tta_section][vc_tta_section title=&#8221;L\u00e4ndliche Entwicklung&#8221; tab_id=&#8221;1519849937321-f45b283a-c74d&#8221;][vc_column_text]<a href=\"http:\/\/www.netzwerk-laendlicher-raum.de\/\" target=\"_blank\" rel=\"noopener\">Netzwerk L\u00e4ndlicher Raum<\/a>[\/vc_column_text][\/vc_tta_section][\/vc_tta_accordion][\/vc_column][\/vc_row]<\/p>\n<\/section>","protected":false},"excerpt":{"rendered":"<p>[vc_row full_width=&#8221;stretch_row_content_no_spaces&#8221;][vc_column][vc_column_text][\/vc_column_text][\/vc_column][\/vc_row][vc_row][vc_column width=&#8221;1\/4&#8243;][vc_column_text] Material [\/vc_column_text][\/vc_column][vc_column width=&#8221;3\/4&#8243;][vc_raw_js]JTNDZGl2JTIwY2xhc3MlM0QlMjJjb250YWN0LWhlYWRlci1pbmxpbmUtYXJvdW5kJTIyJTNFJTBBJTNDZGl2JTIwY2xhc3MlM0QlMjJjb250YWN0LWhlYWRlci1pbmxpbmUtNSUyMiUzRSUzQ2ElMjBocmVmJTNEJTIyamF2YXNjcmlwdCUzQXdpbmRvdy5wcmludCUyOCUyOSUyMiUzRSUzQ2ltZyUyMHNyYyUzRCUyMmh0dHBzJTNBJTJGJTJGcmVnaW9uLXBlaW5lci1sYW5kLmRlJTJGd3AtY29udGVudCUyRnVwbG9hZHMlMkZwcmludC1idXR0b24tYmx1ZS1lMTUxOTgyMTA3MDg5MS5wbmclMjIlMjBhbHQlM0QlMjJTZWl0ZSUyMGRydWNrZW4lMjIlMjBpZCUzRCUyMnByaW50LWJ1dHRvbiUyMiUyMCUyRiUzRSUzQyUyRmElM0UlM0MlMkZkaXYlM0UlMEElM0MlMkZkaXYlM0U=[\/vc_raw_js][vc_column_text] Material Hier finden Sie die wichtigsten Links und Dateien zum Download: Neben Daten zur LEADER Projektf\u00f6rderung im Peiner Land und den Infobriefen sowie Protokollen der LAG-Sitzungen und den Tagesordnung der n\u00e4chsten Sitzung (sofern vorhanden), finden Sie auch weiterf\u00fchrende Links zur verschiedenen Themen.[\/vc_column_text][vc_tta_accordion color=&#8221;orange&#8221; active_section=&#8221;&#8221; collapsible_all=&#8221;true&#8221;][vc_tta_section title=&#8221;Unterlagen f\u00fcr Projekttr\u00e4ger&#8221; tab_id=&#8221;1518698063886-7641474c-bc5b&#8221;][vc_column_text] [&hellip;]<\/p>\n","protected":false},"author":1,"featured_media":0,"parent":0,"menu_order":7,"comment_status":"closed","ping_status":"closed","template":"","meta":{"iawp_total_views":48,"footnotes":""},"class_list":["post-16","page","type-page","status-publish","hentry"],"_links":{"self":[{"href":"https:\/\/www.region-peiner-land.de\/index.php\/wp-json\/wp\/v2\/pages\/16","targetHints":{"allow":["GET"]}}],"collection":[{"href":"https:\/\/www.region-peiner-land.de\/index.php\/wp-json\/wp\/v2\/pages"}],"about":[{"href":"https:\/\/www.region-peiner-land.de\/index.php\/wp-json\/wp\/v2\/types\/page"}],"author":[{"embeddable":true,"href":"https:\/\/www.region-peiner-land.de\/index.php\/wp-json\/wp\/v2\/users\/1"}],"replies":[{"embeddable":true,"href":"https:\/\/www.region-peiner-land.de\/index.php\/wp-json\/wp\/v2\/comments?post=16"}],"version-history":[{"count":69,"href":"https:\/\/www.region-peiner-land.de\/index.php\/wp-json\/wp\/v2\/pages\/16\/revisions"}],"predecessor-version":[{"id":3282,"href":"https:\/\/www.region-peiner-land.de\/index.php\/wp-json\/wp\/v2\/pages\/16\/revisions\/3282"}],"wp:attachment":[{"href":"https:\/\/www.region-peiner-land.de\/index.php\/wp-json\/wp\/v2\/media?parent=16"}],"curies":[{"name":"wp","href":"https:\/\/api.w.org\/{rel}","templated":true}]}}