{"id":1750,"date":"2018-02-07T15:24:32","date_gmt":"2018-02-07T14:24:32","guid":{"rendered":"https:\/\/www.region-peiner-land.de\/?page_id=1750"},"modified":"2018-07-04T09:41:10","modified_gmt":"2018-07-04T07:41:10","slug":"ile-2007-2013","status":"publish","type":"page","link":"https:\/\/www.region-peiner-land.de\/index.php\/ile-2007-2013\/","title":{"rendered":"ILE 2007\u20132013"},"content":{"rendered":"<section class=\"wpb-content-wrapper\"><p>[vc_row full_width=&#8221;stretch_row_content_no_spaces&#8221;][vc_column el_class=&#8221;`{`metaslider id=207`}`&#8221;][vc_column_text]<div id=\"metaslider-id-265\" style=\"width: 100%;\" class=\"ml-slider-3-108-0 metaslider metaslider-flex metaslider-265 ml-slider ms-theme-default nav-hidden\" role=\"region\" aria-label=\"Projekte\" data-height=\"400\" data-width=\"2200\">\n    <div id=\"metaslider_container_265\">\n        <div id=\"metaslider_265\">\n            <ul class='slides'>\n                <li style=\"display: block; width: 100%;\" class=\"slide-1982 ms-image \" aria-roledescription=\"slide\" data-date=\"2018-02-28 11:54:24\" data-filename=\"100602-Auftakt-KEP_IMG_8460.jpg\" data-slide-type=\"image\"><img loading=\"lazy\" decoding=\"async\" src=\"https:\/\/www.region-peiner-land.de\/wp-content\/uploads\/100602-Auftakt-KEP_IMG_8460.jpg\" height=\"400\" width=\"2200\" alt=\"\" class=\"slider-265 slide-1982 msDefaultImage\" \/><\/li>\n            <\/ul>\n        <\/div>\n        \n    <\/div>\n<\/div>[\/vc_column_text][\/vc_column][\/vc_row][vc_row][vc_column width=&#8221;1\/4&#8243;][vc_column_text]<\/p>\n<div class=\"content-out\">\n<div class=\"content-list\"><a style=\"text-decoration: none;\" href=\"\/index.php\/projekte\/\">Projekte<\/a><\/div>\n<div class=\"content-border\"><\/div>\n<div class=\"content-list\"><a style=\"text-decoration: none;\" href=\"\/index.php\/leader-2014-2020\/\">Leader 2014<em>\u2013<\/em>2020<\/a><\/div>\n<div class=\"content-border\"><\/div>\n<div class=\"content-list active-menu-left\"><a style=\"text-decoration: none;\" href=\"\/index.php\/ile-2007-2013\/\">ILE 2007<em>\u2013<\/em>2013<\/a><\/div>\n<div class=\"content-border\"><\/div>\n<\/div>\n<p>[\/vc_column_text][\/vc_column][vc_column width=&#8221;3\/4&#8243;][vc_raw_js]JTNDZGl2JTIwY2xhc3MlM0QlMjJjb250YWN0LWhlYWRlci1pbmxpbmUtYXJvdW5kJTIyJTNFJTBBJTNDZGl2JTIwY2xhc3MlM0QlMjJjb250YWN0LWhlYWRlci1pbmxpbmUtNSUyMiUzRSUzQ2ElMjBocmVmJTNEJTIyamF2YXNjcmlwdCUzQXdpbmRvdy5wcmludCUyOCUyOSUyMiUzRSUzQ2ltZyUyMHNyYyUzRCUyMmh0dHBzJTNBJTJGJTJGcmVnaW9uLXBlaW5lci1sYW5kLmRlJTJGd3AtY29udGVudCUyRnVwbG9hZHMlMkZwcmludC1idXR0b24tYmx1ZS1lMTUxOTgyMTA3MDg5MS5wbmclMjIlMjBhbHQlM0QlMjJTZWl0ZSUyMGRydWNrZW4lMjIlMjBpZCUzRCUyMnByaW50LWJ1dHRvbiUyMiUyMCUyRiUzRSUzQyUyRmElM0UlM0MlMkZkaXYlM0UlMEElM0MlMkZkaXYlM0U=[\/vc_raw_js][vc_column_text css=&#8221;.vc_custom_1523952536654{margin-top: 10px !important;}&#8221;]<\/p>\n<h1>ILE 2007\u20132013<\/h1>\n<h2>Integrierte L\u00e4ndliche Entwicklung Peiner Land<\/h2>\n<p>Die Gemeinden Edemissen, Ilsede, Lahstedt (heute fusioniert mit Ilsede), Lengede, Vechelde, Wendeburg und die Stadt Peine haben 2007-2008 gemeinsam als Peiner Land ein Integriertes L\u00e4ndliches Entwicklungskonzept, kurz ILEK, erarbeitet. Die Umsetzung des Konzepts erfolgte von 2009-2014 im Rahmen eines ILE-Regionalmanagements von KoRiS \u2013 Kommunikative Stadt- und Regionalentwicklung und mit Unterst\u00fctzung des Landesamtes f\u00fcr Geoinformation und Landentwicklung (LGLN), Regionaldirektion Braunschweig (heute ArL Braunschweig).<br \/>\nDas ILEK hat die Umsetzung zahlreicher Projekte erm\u00f6glicht. Dadurch sind ca. 1,5 Mio. \u20ac an F\u00f6rdermitteln in die Region geflossen. Bedingt durch die erforderliche Ko-Finanzierung sind damit im Peiner Land Investitionen in H\u00f6he von mehr als 3 Mio. \u20ac get\u00e4tigt worden.<\/p>\n<p>Ein herausragendes Projekt von besonderer Bedeutung stellt das Kulturentwicklungskonzept dar, welches in den Jahren 2011-2013 entwickelt wurde. Der Landkreis Peine hat das Konzept mit den Kommunen der Region Peiner Land und der Gemeinde Hohenhameln in Zusammenarbeit mit dem Institut f\u00fcr Kulturpolitik der Universit\u00e4t Hildesheim entwickelt. Ziel war es dabei, die kulturellen Angebote aus den Bereichen Theater\/ Tanz, Musik und Bildende Kunst sowie Bibliotheken, Museen\/Sammlungen\/Ausstellungen, Heimatpflege und Denkmalschutz im Landkreis zu erfassen, um draus Entwicklungsperspektiven zu entwickeln, die Handlungsfelder und konkrete Handlungsempfehlungen enthalten.[\/vc_column_text][vc_column_text]<\/p>\n<h2>Projekt\u00fcbersicht<\/h2>\n<p>Seit 2009 wurden 57 Projekte in der ILEK-Region Peiner Land umgesetzt. Untenstehend sind die Projekte nach F\u00f6rderbereich aufgelistet Darin nicht enthalten sind Projekte im F\u00f6rderbereich Wegebau und im Rahmen der Dorferneuerung.<\/p>\n<p>[\/vc_column_text][vc_tta_accordion color=&#8221;orange&#8221; active_section=&#8221;&#8221; collapsible_all=&#8221;true&#8221;][vc_tta_section title=&#8221;F\u00f6rderbereich Dienstleistungen&#8221; tab_id=&#8221;1518696382886-c7dc4e0b-adc2&#8243;][vc_column_text]<\/p>\n<ul>\n<li>2011-12: Installation eines Nahw\u00e4rmenetzes in der S\u00fcdstra\u00dfe, der Bernwardstra\u00dfe und der Hindenburgstra\u00dfe in Gro\u00df Lafferde zur Versorgung der dortigen Liegenschaften<\/li>\n<\/ul>\n<p>[\/vc_column_text][\/vc_tta_section][vc_tta_section title=&#8221;F\u00f6rderbereich Diversifizierung&#8221; tab_id=&#8221;1518696382951-c0595402-34e0&#8243;][vc_column_text]<\/p>\n<ul>\n<li>2007-08: Umnutzung der Scheune einer landwirtschaftlichen Hofstelle zu einem Bauernhofcaf\u00e9 in Wahle<\/li>\n<li>2009-10: Umnutzung des ehemaligen Schweinestalls einer landwirtschaftlichen Hofstelle zu vier G\u00e4steappartement einschlie\u00dflich der notwendigen Nebenr\u00e4ume in Dungelbeck<\/li>\n<\/ul>\n<p>[\/vc_column_text][\/vc_tta_section][vc_tta_section title=&#8221;F\u00f6rderbereich Dorfentwicklung&#8221; tab_id=&#8221;1518696429707-217ef896-dbd4&#8243;][vc_column_text]<\/p>\n<ul>\n<li>2008-09: Umnutzung des ehemaligen Schulgeb\u00e4udes zu einem Dorfzentrum in B\u00fclten<\/li>\n<li>2008-09: Gestaltung, Verkehrsberuhigung der Stra\u00dfe Waldweg in Neubr\u00fcck<\/li>\n<li>2008-09: Gestaltung, Verkehrsberuhigung der Stra\u00dfe Rodekamp in Wendeburg<\/li>\n<li>2009-10: Erneuerung des Pfarrgartenzauns einschlie\u00dflich der Toranlage Gro\u00dfe Stra\u00dfe 12 in Woltwiesche<\/li>\n<li>2011-13: Erhaltung, Gestaltung pr\u00e4gender d\u00f6rflicher Bausubstanz zur Durchf\u00fchrung des folgenden Projektes: Instandsetzungsarbeiten an Nord- und Ostfassade mit Anbringung eines Ziegelbehangs am Ostgiebel des ev.-luth.Pfarrhauses Gro\u00df Lafferde, Bernwardstra\u00dfe 1<\/li>\n<li>2011-13: Umgestaltung des Br\u00fcckenwegs von der Kreuzung mit dem Stra\u00dfenzug L\u00fctje Stra\u00dfe bis zum Knoten Woltwiescher Weg K46 in Lengede<\/li>\n<li>2012-13: Erstellung von Toilettenanlagen, Heizung und Lagerraum f\u00fcr das Bauernhausmuseum in Bortfeld im Rahmen den Projektes \u201eSprechende ZeitW\u00e4nde<\/li>\n<li>2012-13: Dorfgerechte Umgestaltung des Hasenwinkels in Oberg<\/li>\n<li>2013: Umgestaltung des Vorplatzes des Sch\u00fctzenhauses im Bruchweg in Dungelbeck<\/li>\n<li>2013: Sanierung der Friedhofskapelle Lengede B\u00e4ckerstra\u00dfe 13 durch Erneuerung der Fenster, Behang der S\u00fcdfassade mit Ziegel und der Westseite mit Holz<\/li>\n<li>2013: Dorfgerechter Ausbau der fu\u00dfl\u00e4ufigen Verbindung zwischen den Stra\u00dfenz\u00fcgen Hasenwinkel und Weststra\u00dfe dem \u201eThiesgang\u201c in Oberg<\/li>\n<\/ul>\n<p>[\/vc_column_text][\/vc_tta_section][vc_tta_section title=&#8221;F\u00f6rderbereich Dorferneuerung&#8221; tab_id=&#8221;1518696652993-b8a73e62-c883&#8243;][vc_column_text]<\/p>\n<ul>\n<li>2009: Neugestaltung des Ehrenmals auf dem Friedhof in Dungelbeck<\/li>\n<li>2010: Umgestaltung des Br\u00fcckenwegs in Lengede von der Kreuzung mit dem Stra\u00dfenzug L\u00fctje Stra\u00dfe bis zum Knoten Woltwiescher Weg K46<\/li>\n<li>2010-11: Ankauf der ehemaligen Gastst\u00e4tte und Umbau zum Dorfgemeinschaftshaus in Berkum<\/li>\n<li>2010-11: Erneuerung der Nebenanlagen der Ortsdurchfahrt in Dungelbeck<\/li>\n<li>2010-11: Umgestaltung der B\u00e4ckerstr. in Lengede von der Einm\u00fcndung Br\u00fcckenweg bis zur Einm\u00fcndung Kreyenstra\u00dfe und Konsumstra\u00dfe<\/li>\n<li>2010-12: Erneuerung des Buswarteh\u00e4uschens in Berkum mit gleichzeitiger Gestaltung des Umfeldes und Ankauf einer Teilfl\u00e4che des zu gestaltenden Bereiches<\/li>\n<li>2010-12: Neuanlage eines Parkplatzes n\u00f6rdlich des Friedhofs in Dungelbeck einschlie\u00dflich Fl\u00e4chenankauf<\/li>\n<li>2010-12: Erneuerung der Stra\u00dfenbeleuchtung im Bereich Schmedenstedter Stra\u00dfe-S\u00fcd in Dungelbeck<\/li>\n<li>2011-12: Erhaltung und Gestaltung ehemals landwirtschaftlich genutzter Bausubstanz durch Sanierungs- und Gestaltungsma\u00dfnahmen am &#8220;Lindenkrug&#8221; in Berkum<\/li>\n<li>2011-12: Umgestaltung des Kirchwinkels in Dungelbeck<\/li>\n<li>2011-12: Pflasterung des Hofes des Pfarrgrundst\u00fccks Alte Landstr. 1 in Dungelbeck<\/li>\n<li>2011-12: Erneuerung der Dacheindeckung des als DGH genutzten Landjugendheimes in Wehnsen<\/li>\n<li>2011-12: Umgestaltung des Stra\u00dfenzugs Br\u00fcckenweg und Konsumstra\u00dfe in Lengede<\/li>\n<li>2012: Erneuerung des Zauns auf einer L\u00e4nge von 106m der S\u00fcd-Ost Seite des Pfarrgrundst\u00fccks Alte Landstr. 1 in Dungelbeck<\/li>\n<li>2012: Neupflasterung des Platzes am Ehrenmal und des Kirchwegs in Lengede<\/li>\n<li>2012: Erneuerung der Fassade und des Zaunes der Matth\u00e4us &#8211; Kapelle Unter den Eichen 16 in Wehnsen<\/li>\n<li>2012: Umgestaltung des Friedhofes in Rietze durch Erneuerung der Baumreihe und Sanierung von Fu\u00dfweg und Brunnen<\/li>\n<li>2012-13: Dorfgerechte Umgestaltung des Hasenwinkels in Oberg<\/li>\n<li>2013: Dorfgerechter Ausbau der fu\u00dfl\u00e4ufigen Verbindung zwischen den Stra\u00dfenz\u00fcgen Hasenwinkel und Weststra\u00dfe dem &#8220;Thiesgang&#8221; in Oberg<\/li>\n<li>2013: Umgestaltung des Vorplatzes des Sch\u00fctzenhauses im Bruchweg in Dungelbeck<\/li>\n<li>2013: Sanierung der Friedhofskapelle Lengede B\u00e4ckerstra\u00dfe 13 durch Erneuerung der Fenster, Behang der S\u00fcdfassade mit Ziegel und der Westseite mit Holz<\/li>\n<li>2013-14: Dorfgerechte Umgestaltung des Stra\u00dfenzugs Kreyenstra\u00dfe\/Twetje in Lengede<\/li>\n<\/ul>\n<p>[\/vc_column_text][\/vc_tta_section][vc_tta_section title=&#8221;F\u00f6rderbereich Kulturerbe&#8221; tab_id=&#8221;1518696788876-3c5f123a-bf2c&#8221;][vc_column_text]<\/p>\n<ul>\n<li>2005-06: Erhaltung von landschaftstypischer Bausubstanz durch Sanierung des Dachstuhls und der Dachfl\u00e4che am historischen Bauernmuseum Bortfeld<\/li>\n<li>2007-09: Aufarbeitung von 22 Fenstern am Gutshaus Rosenthal<\/li>\n<li>2007-09: Fassadensanierung eines denkmalgesch\u00fctzten Wohnhauses in Solschen<\/li>\n<li>2008-09: Sanierung der Fachwerkkonstruktion EG und Wiedereinbau der Queraussteifung des Bauernhausmuseums in Bortfeld<\/li>\n<li>2008-09: Instandsetzung der Gr\u00fcndung der inneren L\u00e4ngsw\u00e4nde und Aufarbeitung der Fenster mit Befundermittlung am denkmalgesch\u00fctzten Bauernhausmuseum in Bortfeld<\/li>\n<li>2008-09: Sanierung des Westgiebels mit anschlie\u00dfender Verkleidung mit einem Ziegelbehang, sowie Austausch der dort vorhandenen Fenster in Eddesse<\/li>\n<li>2008-09: Sanierungsarbeiten am Kirchturm M\u00fcnstedt<\/li>\n<li>2009: Neueindeckung des Daches mit Harzer Unterdach und Hohlziegeln anstelle der jetzigen Bitumendachbahnen, sowie notwendige Zimmererarbeiten an der Gutsscheune von 1723 des Rittergutes Abbensen<\/li>\n<li>2009: Sanierung des denkmalgesch\u00fctzten Wasserturms in Schwicheldt<\/li>\n<li>2009-10: Sanierung der Nord- und S\u00fcdfassaden des Kirchenschiffs der Kirche Gro\u00df Lafferde<\/li>\n<li>2009-10: Erhalt, Gestaltung und Verbesserung denkmalgesch\u00fctzter und denkmalw\u00fcrdiger Geb\u00e4ude und Anlagen durch Fassadensanierung Ostgiebel, Haut\u00fcrsanierung und Fu\u00dfbodenerneuerung im Wohnzimmer des denkmalgesch\u00fctzten Wohnwirtschaftsgeb\u00e4udes in Gro\u00df Lafferde<\/li>\n<li>2010-11: Erhalt, Gestaltung und Verbesserung denkmalgesch\u00fctzter und denkmalw\u00fcrdiger Geb\u00e4ude und Anlagen durch Dach- und Dachstuhlsanierung des Kirchenschiffs und der Turmanbauten mit Instandsetzung des Innenputzes der Turmanbauten der Kirche in Gro\u00df Lafferde<\/li>\n<li>2010-11: Dachneueindeckung, Zimmereiarbeiten und Maurerarbeiten an der denkmalgesch\u00fctzten Scheune der Hofanlage Ostenstr. 8 in Broistedt<\/li>\n<li>2011: Erneuerung schadhafter Verblendsteine an der Fassade des denkmalgesch\u00fctzten Wasserturms in Gro\u00df Lafferde<\/li>\n<li>2011-13: Statische Sicherung und Instandsetzung der S\u00fcd- und Westseite des Kirchturms in Bortfeld<\/li>\n<li>2011-13: 4. BA, Abschluss der Instandsetzungsma\u00dfnahmen des ILEK-Leuchtturmprojekts mit Denkmaldidaktischer Pr\u00e4sentation des Bauernhausmuseum in Bortfeld<\/li>\n<\/ul>\n<p>[\/vc_column_text][\/vc_tta_section][vc_tta_section title=&#8221;F\u00f6rderbereich Tourismus&#8221; tab_id=&#8221;1518696881206-45b9accd-2547&#8243;][vc_column_text]<\/p>\n<ul>\n<li>2008: Planungsstudie zur Nutzung der denkmalgesch\u00fctzten Hofanlagen in Bodenstedt<\/li>\n<li>2008: Voruntersuchung Fahrradtourismus im Landkreis Peine<\/li>\n<li>2008: Instandsetzung des Wohnhauses der denkmalgesch\u00fctzten Hofanlage in Bodenstedt<\/li>\n<li>2010: Instandsetzung des Erweiterungsbaus der denkmalgesch\u00fctzten Hofanlage in Bodenstedt<\/li>\n<li>2010: Die Entwicklung themenbezogener Radwege mit erg\u00e4nzenden Einrichtungen durch Beschilderung des regionalen Radwegesnetzes im Landkreis Peine und des n\u00f6rdlichen Teils der \u201eWasserroute\u201c gem\u00e4\u00df des Radwegeskonzeptes des Landkreises Peine<\/li>\n<li>2011-12: Entwicklung themenbezogener Radwege mit erg\u00e4nzenden Einrichtungen durch Beschilderung des s\u00fcdlichen Teils der &#8220;Wasserroute&#8221;, &#8220;Kulturroute&#8221;, &#8220;Industrieroute&#8221;, &#8220;Waldroute&#8221; und N10 gem\u00e4\u00df des Radwegekonzept des Landkreis Peine<\/li>\n<li>2011-13: Erarbeitung eines Kulturentwicklungsplans f\u00fcr das Gebiet des Landkreises Peine<\/li>\n<\/ul>\n<p>[\/vc_column_text][\/vc_tta_section][\/vc_tta_accordion][\/vc_column][\/vc_row]<\/p>\n<\/section>","protected":false},"excerpt":{"rendered":"<p>[vc_row full_width=&#8221;stretch_row_content_no_spaces&#8221;][vc_column el_class=&#8221;`{`metaslider id=207`}`&#8221;][vc_column_text][\/vc_column_text][\/vc_column][\/vc_row][vc_row][vc_column width=&#8221;1\/4&#8243;][vc_column_text] Projekte Leader 2014\u20132020 ILE 2007\u20132013 [\/vc_column_text][\/vc_column][vc_column width=&#8221;3\/4&#8243;][vc_raw_js]JTNDZGl2JTIwY2xhc3MlM0QlMjJjb250YWN0LWhlYWRlci1pbmxpbmUtYXJvdW5kJTIyJTNFJTBBJTNDZGl2JTIwY2xhc3MlM0QlMjJjb250YWN0LWhlYWRlci1pbmxpbmUtNSUyMiUzRSUzQ2ElMjBocmVmJTNEJTIyamF2YXNjcmlwdCUzQXdpbmRvdy5wcmludCUyOCUyOSUyMiUzRSUzQ2ltZyUyMHNyYyUzRCUyMmh0dHBzJTNBJTJGJTJGcmVnaW9uLXBlaW5lci1sYW5kLmRlJTJGd3AtY29udGVudCUyRnVwbG9hZHMlMkZwcmludC1idXR0b24tYmx1ZS1lMTUxOTgyMTA3MDg5MS5wbmclMjIlMjBhbHQlM0QlMjJTZWl0ZSUyMGRydWNrZW4lMjIlMjBpZCUzRCUyMnByaW50LWJ1dHRvbiUyMiUyMCUyRiUzRSUzQyUyRmElM0UlM0MlMkZkaXYlM0UlMEElM0MlMkZkaXYlM0U=[\/vc_raw_js][vc_column_text css=&#8221;.vc_custom_1523952536654{margin-top: 10px !important;}&#8221;] ILE 2007\u20132013 Integrierte L\u00e4ndliche Entwicklung Peiner Land Die Gemeinden Edemissen, Ilsede, Lahstedt (heute fusioniert mit Ilsede), Lengede, Vechelde, Wendeburg und die Stadt Peine haben 2007-2008 gemeinsam als Peiner Land ein Integriertes L\u00e4ndliches Entwicklungskonzept, kurz ILEK, erarbeitet. Die Umsetzung des Konzepts [&hellip;]<\/p>\n","protected":false},"author":1,"featured_media":0,"parent":0,"menu_order":0,"comment_status":"closed","ping_status":"closed","template":"","meta":{"iawp_total_views":18,"footnotes":""},"class_list":["post-1750","page","type-page","status-publish","hentry"],"_links":{"self":[{"href":"https:\/\/www.region-peiner-land.de\/index.php\/wp-json\/wp\/v2\/pages\/1750","targetHints":{"allow":["GET"]}}],"collection":[{"href":"https:\/\/www.region-peiner-land.de\/index.php\/wp-json\/wp\/v2\/pages"}],"about":[{"href":"https:\/\/www.region-peiner-land.de\/index.php\/wp-json\/wp\/v2\/types\/page"}],"author":[{"embeddable":true,"href":"https:\/\/www.region-peiner-land.de\/index.php\/wp-json\/wp\/v2\/users\/1"}],"replies":[{"embeddable":true,"href":"https:\/\/www.region-peiner-land.de\/index.php\/wp-json\/wp\/v2\/comments?post=1750"}],"version-history":[{"count":21,"href":"https:\/\/www.region-peiner-land.de\/index.php\/wp-json\/wp\/v2\/pages\/1750\/revisions"}],"predecessor-version":[{"id":2433,"href":"https:\/\/www.region-peiner-land.de\/index.php\/wp-json\/wp\/v2\/pages\/1750\/revisions\/2433"}],"wp:attachment":[{"href":"https:\/\/www.region-peiner-land.de\/index.php\/wp-json\/wp\/v2\/media?parent=1750"}],"curies":[{"name":"wp","href":"https:\/\/api.w.org\/{rel}","templated":true}]}}