{"id":2282,"date":"2018-04-26T12:23:43","date_gmt":"2018-04-26T10:23:43","guid":{"rendered":"https:\/\/www.region-peiner-land.de\/?page_id=2282"},"modified":"2018-07-04T09:42:07","modified_gmt":"2018-07-04T07:42:07","slug":"lokale-aktionsgruppe-lag","status":"publish","type":"page","link":"https:\/\/www.region-peiner-land.de\/index.php\/lokale-aktionsgruppe-lag\/","title":{"rendered":"Lokale Aktionsgruppe (LAG)"},"content":{"rendered":"<section class=\"wpb-content-wrapper\"><p>[vc_row full_width=&#8221;stretch_row_content_no_spaces&#8221;][vc_column el_class=&#8221;`{`metaslider id=207`}`&#8221;][vc_column_text]<div id=\"metaslider-id-207\" style=\"width: 100%;\" class=\"ml-slider-3-108-0 metaslider metaslider-flex metaslider-207 ml-slider ms-theme-default nav-hidden\" role=\"region\" aria-label=\"1 Leistung\" data-height=\"400\" data-width=\"2200\">\n    <div id=\"metaslider_container_207\">\n        <div id=\"metaslider_207\">\n            <ul class='slides'>\n                <li style=\"display: block; width: 100%;\" class=\"slide-1944 ms-image \" aria-roledescription=\"slide\" data-date=\"2018-02-28 10:40:11\" data-filename=\"141125_LAG-Strukturen-und-Inhalte_IMG_7652-1.jpg\" data-slide-type=\"image\"><img loading=\"lazy\" decoding=\"async\" src=\"https:\/\/www.region-peiner-land.de\/wp-content\/uploads\/141125_LAG-Strukturen-und-Inhalte_IMG_7652-1.jpg\" height=\"400\" width=\"2200\" alt=\"\" class=\"slider-207 slide-1944 msDefaultImage\" \/><\/li>\n            <\/ul>\n        <\/div>\n        \n    <\/div>\n<\/div>[\/vc_column_text][\/vc_column][\/vc_row][vc_row][vc_column width=&#8221;1\/4&#8243;][vc_column_text]<\/p>\n<div class=\"content-out\">\n<div class=\"content-list\"><a style=\"text-decoration: none;\" href=\"\/index.php\/leader\/\">Leader<\/a><\/div>\n<div class=\"content-border\"><\/div>\n<div class=\"content-list\"><a style=\"text-decoration: none;\" href=\"\/index.php\/was-ist-leader\/\">Was ist LEADER?<\/a><\/div>\n<div class=\"content-border\"><\/div>\n<div class=\"content-list\"><a style=\"text-decoration: none;\" href=\"\/index.php\/rek\/\">REK Peiner Land<\/a><\/div>\n<div class=\"content-border\"><\/div>\n<div class=\"content-list active-menu-left\"><a style=\"text-decoration: none;\" href=\"\/index.php\/lokale-aktionsgruppe-lag\/\">Lokale Aktionsgruppe (LAG)<\/a><\/div>\n<div class=\"content-border\"><\/div>\n<div class=\"content-list\"><a style=\"text-decoration: none;\" href=\"\/index.php\/von-der-projektidee-zur-umsetzung\/\">Von der Projektidee zur Umsetzung<\/a><\/div>\n<div class=\"content-border\"><\/div>\n<div class=\"content-list\"><a style=\"text-decoration: none;\" href=\"\/index.php\/weitere-gremien\/\">Weitere Gremien<\/a><\/div>\n<\/div>\n<p>[\/vc_column_text][\/vc_column][vc_column width=&#8221;3\/4&#8243;][vc_raw_js]JTNDZGl2JTIwY2xhc3MlM0QlMjJjb250YWN0LWhlYWRlci1pbmxpbmUtYXJvdW5kJTIyJTNFJTBBJTNDZGl2JTIwY2xhc3MlM0QlMjJjb250YWN0LWhlYWRlci1pbmxpbmUtNSUyMiUzRSUzQ2ElMjBocmVmJTNEJTIyamF2YXNjcmlwdCUzQXdpbmRvdy5wcmludCUyOCUyOSUyMiUzRSUzQ2ltZyUyMHNyYyUzRCUyMmh0dHBzJTNBJTJGJTJGcmVnaW9uLXBlaW5lci1sYW5kLmRlJTJGd3AtY29udGVudCUyRnVwbG9hZHMlMkZwcmludC1idXR0b24tYmx1ZS1lMTUxOTgyMTA3MDg5MS5wbmclMjIlMjBhbHQlM0QlMjJTZWl0ZSUyMGRydWNrZW4lMjIlMjBpZCUzRCUyMnByaW50LWJ1dHRvbiUyMiUyMCUyRiUzRSUzQyUyRmElM0UlM0MlMkZkaXYlM0UlMEElM0MlMkZkaXYlM0U=[\/vc_raw_js][vc_column_text css=&#8221;.vc_custom_1528391904156{margin-top: 10px !important;}&#8221;]<\/p>\n<h1>Lokale Aktionsgruppe (LAG)<\/h1>\n<p>Die Lokale Aktionsgruppe (LAG) ist das Entscheidungsgremium der Region Peiner Land. Sie setzt sich zusammen aus den Kommunen sowie den Wirtschafts- und Sozialpartner (sogenannten WiSo-Partner), beratendes Mitglied ist das Amt f\u00fcr regionale Landesentwicklung (ArL) Braunschweig (verlinken: ArL). Die LAG ist Tr\u00e4gerin des Regionalen Entwicklungskonzepts und damit f\u00fcr die Umsetzung der dort beschriebenen Entwicklungsstrategie verantwortlich.<\/p>\n<p>Die WiSo-Partner sind in der Region ans\u00e4ssig oder daf\u00fcr zust\u00e4ndig und vertreten in der LAG bestimmte Interessengruppen. Die WiSo-Partner sind in der Regel durch ihre Gesch\u00e4ftsf\u00fchrung oder Vorsitzende vertreten, die Kommunen in der Regel durch Ihre B\u00fcrgermeister und Bauamtsleiter.<\/p>\n<ul>\n<li>Die LAG tagt mehrmals im Jahr. Die entsprechenden Termine bzw. Protokolle sind aus der Termin- bzw. der Protokoll\u00fcbersicht zu entnehmen. (verlinken: Startseite und Material)<\/li>\n<\/ul>\n<p>[\/vc_column_text][vc_row_inner][vc_column_inner][vc_column_text]<\/p>\n<h2>Aufgaben der LAG:<\/h2>\n<ul>\n<li>Auswahl der aus dem LEADER-Kontingent zu f\u00f6rdernden Projekte mit Hilfe der Projektauswahlkriterien<\/li>\n<li>Koordinierung, Organisation und Begleitung des regionalen Entwicklungsprozesses (strategische Entscheidungen)<\/li>\n<li>Wahrnehmung der eigenen Multiplikatorfunktion, das bedeutet\n<ul>\n<li>Informationen zum Beispiel \u00fcber F\u00f6rderm\u00f6glichkeiten aus der LAG an die eigene Institution und deren Mitglieder\/Beteiligte weiterzugeben,<\/li>\n<li>fachliche Einsch\u00e4tzungen zu Projektantr\u00e4gen und Projektideen in die LAG und die Arbeitsgruppen einzubringen,<\/li>\n<li>am Erfahrungsaustausch in LAG und Arbeitsgruppen teilzunehmen.<\/li>\n<\/ul>\n<\/li>\n<li>Teilnahme an \u00f6ffentlichen Veranstaltungen, Prozessevaluierung und LAG-Befragungen<\/li>\n<li>Sicherstellung der Transparenz der Arbeit der LAG<\/li>\n<li>Bei Bedarf Anpassung der Entwicklungsstrategie (Fortschreibung des REK)<\/li>\n<\/ul>\n<p>[\/vc_column_text][\/vc_column_inner][\/vc_row_inner][\/vc_column][\/vc_row]<\/p>\n<\/section>","protected":false},"excerpt":{"rendered":"<p>[vc_row full_width=&#8221;stretch_row_content_no_spaces&#8221;][vc_column el_class=&#8221;`{`metaslider id=207`}`&#8221;][vc_column_text][\/vc_column_text][\/vc_column][\/vc_row][vc_row][vc_column width=&#8221;1\/4&#8243;][vc_column_text] Leader Was ist LEADER? REK Peiner Land Lokale Aktionsgruppe (LAG) Von der Projektidee zur Umsetzung Weitere Gremien [\/vc_column_text][\/vc_column][vc_column width=&#8221;3\/4&#8243;][vc_raw_js]JTNDZGl2JTIwY2xhc3MlM0QlMjJjb250YWN0LWhlYWRlci1pbmxpbmUtYXJvdW5kJTIyJTNFJTBBJTNDZGl2JTIwY2xhc3MlM0QlMjJjb250YWN0LWhlYWRlci1pbmxpbmUtNSUyMiUzRSUzQ2ElMjBocmVmJTNEJTIyamF2YXNjcmlwdCUzQXdpbmRvdy5wcmludCUyOCUyOSUyMiUzRSUzQ2ltZyUyMHNyYyUzRCUyMmh0dHBzJTNBJTJGJTJGcmVnaW9uLXBlaW5lci1sYW5kLmRlJTJGd3AtY29udGVudCUyRnVwbG9hZHMlMkZwcmludC1idXR0b24tYmx1ZS1lMTUxOTgyMTA3MDg5MS5wbmclMjIlMjBhbHQlM0QlMjJTZWl0ZSUyMGRydWNrZW4lMjIlMjBpZCUzRCUyMnByaW50LWJ1dHRvbiUyMiUyMCUyRiUzRSUzQyUyRmElM0UlM0MlMkZkaXYlM0UlMEElM0MlMkZkaXYlM0U=[\/vc_raw_js][vc_column_text css=&#8221;.vc_custom_1528391904156{margin-top: 10px !important;}&#8221;] Lokale Aktionsgruppe (LAG) Die Lokale Aktionsgruppe (LAG) ist das Entscheidungsgremium der Region Peiner Land. Sie setzt sich zusammen aus den Kommunen sowie den Wirtschafts- und Sozialpartner (sogenannten WiSo-Partner), [&hellip;]<\/p>\n","protected":false},"author":1,"featured_media":0,"parent":0,"menu_order":0,"comment_status":"closed","ping_status":"closed","template":"","meta":{"iawp_total_views":53,"footnotes":""},"class_list":["post-2282","page","type-page","status-publish","hentry"],"_links":{"self":[{"href":"https:\/\/www.region-peiner-land.de\/index.php\/wp-json\/wp\/v2\/pages\/2282","targetHints":{"allow":["GET"]}}],"collection":[{"href":"https:\/\/www.region-peiner-land.de\/index.php\/wp-json\/wp\/v2\/pages"}],"about":[{"href":"https:\/\/www.region-peiner-land.de\/index.php\/wp-json\/wp\/v2\/types\/page"}],"author":[{"embeddable":true,"href":"https:\/\/www.region-peiner-land.de\/index.php\/wp-json\/wp\/v2\/users\/1"}],"replies":[{"embeddable":true,"href":"https:\/\/www.region-peiner-land.de\/index.php\/wp-json\/wp\/v2\/comments?post=2282"}],"version-history":[{"count":9,"href":"https:\/\/www.region-peiner-land.de\/index.php\/wp-json\/wp\/v2\/pages\/2282\/revisions"}],"predecessor-version":[{"id":2437,"href":"https:\/\/www.region-peiner-land.de\/index.php\/wp-json\/wp\/v2\/pages\/2282\/revisions\/2437"}],"wp:attachment":[{"href":"https:\/\/www.region-peiner-land.de\/index.php\/wp-json\/wp\/v2\/media?parent=2282"}],"curies":[{"name":"wp","href":"https:\/\/api.w.org\/{rel}","templated":true}]}}